{"id":6483,"date":"2024-11-29T17:30:39","date_gmt":"2024-11-29T16:30:39","guid":{"rendered":"https:\/\/geosas.fr\/web\/?page_id=6483"},"modified":"2024-12-02T20:29:28","modified_gmt":"2024-12-02T19:29:28","slug":"bosco","status":"publish","type":"page","link":"https:\/\/geosas.fr\/web\/?page_id=6483","title":{"rendered":"BOSCO"},"content":{"rendered":"\n<p>BOSCO est un service d\u2019estimation de teneur en eau sur le territoire breton \u00e0 tr\u00e8s haute r\u00e9solution spatiale et temporelle.<br>&nbsp;<\/p>\n\n\n\n<h6 class=\"wp-block-heading\">Pr\u00e9sentation<\/h6>\n\n\n\n<figure class=\"wp-block-embed is-type-video is-provider-youtube wp-block-embed-youtube wp-embed-aspect-16-9 wp-has-aspect-ratio\"><div class=\"wp-block-embed__wrapper\">\n<iframe loading=\"lazy\" title=\"BOSCO: service to estimate water content on the Breton territory\" width=\"930\" height=\"523\" src=\"https:\/\/www.youtube.com\/embed\/Jz135UeLfsY?feature=oembed\" frameborder=\"0\" allow=\"accelerometer; autoplay; clipboard-write; encrypted-media; gyroscope; picture-in-picture; web-share\" referrerpolicy=\"strict-origin-when-cross-origin\" allowfullscreen><\/iframe>\n<\/div><\/figure>\n\n\n\n<h6 class=\"wp-block-heading\"><strong>Objectifs<\/strong><\/h6>\n\n\n\n<ul class=\"wp-block-list\"><li>Co-construction d&rsquo;un service d\u2019estimation de teneur en eau sur le territoire breton \u00e0 tr\u00e8s haute r\u00e9solution spatiale et temporelle, pertinente pour la gestion agricole et des ressources en eau. Ce service int\u00e8gre des outils diagnostique et des produits d\u00e9riv\u00e9s (teneur en eau sur l\u2019\u00e9paisseur racinaire, estimation de la recharge) pour l\u2019appui aux politiques publiques.<\/li><li>Proposer un portail cartographique interactif permettant de visualiser l&rsquo;\u00e9volution de la teneur en eau pour les 450 000 parcelles agricoles de Bretagne.<\/li><li>Recherche et d\u00e9veloppement sur les th\u00e8mes des Infrastructures de donn\u00e9es spatio-temporelles et de la t\u00e9l\u00e9d\u00e9tection.<\/li><\/ul>\n\n\n\n<h6 class=\"wp-block-heading\">&nbsp;<strong>Public cibl\u00e9<\/strong><\/h6>\n\n\n\n<ul class=\"wp-block-list\"><li>Administrations r\u00e9gionales (DREAL, Bretagne Environnnement, &#8230;),<\/li><li>Agence de l&rsquo;eau,<\/li><li>Scientifiques,<\/li><li>Grand public.<\/li><\/ul>\n\n\n\n<h6 class=\"wp-block-heading\">&nbsp;&nbsp;<strong>Financement<\/strong><\/h6>\n\n\n\n<ul class=\"wp-block-list\"><li>Le projet BOSCO est financ\u00e9 par <a href=\"https:\/\/www.spaceclimateobservatory.org\/fr\/\">Space For Climate Observatory<\/a> (SCO) et le Centre national d&rsquo;Etudes Spatiales (CNES)<\/li><\/ul>\n\n\n\n<p><\/p>\n\n\n\n<h6 class=\"wp-block-heading\">&nbsp;<strong>Outils disponibles &#8211; R\u00e9alisations &#8211; Livrables num\u00e9riques<\/strong><\/h6>\n\n\n\n<figure class=\"wp-block-image size-large\"><a href=\"https:\/\/geosas.fr\/bosco\"><img loading=\"lazy\" decoding=\"async\" width=\"1024\" height=\"812\" src=\"https:\/\/geosas.fr\/web\/wp-content\/uploads\/2024\/11\/portail-bosco-chronologie-1024x812.png\" alt=\"\" class=\"wp-image-6487\" srcset=\"https:\/\/geosas.fr\/web\/wp-content\/uploads\/2024\/11\/portail-bosco-chronologie-1024x812.png 1024w, https:\/\/geosas.fr\/web\/wp-content\/uploads\/2024\/11\/portail-bosco-chronologie-300x238.png 300w, https:\/\/geosas.fr\/web\/wp-content\/uploads\/2024\/11\/portail-bosco-chronologie-768x609.png 768w, https:\/\/geosas.fr\/web\/wp-content\/uploads\/2024\/11\/portail-bosco-chronologie-1320x1046.png 1320w, https:\/\/geosas.fr\/web\/wp-content\/uploads\/2024\/11\/portail-bosco-chronologie.png 1490w\" sizes=\"auto, (max-width: 1024px) 100vw, 1024px\" \/><\/a><\/figure>\n\n\n\n<ul class=\"wp-block-list\"><li>Le portail cartographique : <a href=\"https:\/\/geosas.fr\/bosco\">https:\/\/geosas.fr\/bosco<\/a><\/li><li>Le service de t\u00e9l\u00e9chargement des donn\u00e9es d&rsquo;humidit\u00e9 des sols de Bretagne de 2017 \u00e0 2022 (API OGC SensorThings) : <a href=\"https:\/\/geosas.fr\/web\/?page_id=6429\">https:\/\/geosas.fr\/web\/?page_id=6429<\/a><\/li><li>La carte d&rsquo;humidit\u00e9 des sols de Bretagne de 2017 \u00e0 2022 : <a href=\"https:\/\/geosas.fr\/geonetwork\/srv\/fre\/catalog.search#\/metadata\/61e08cd1-d24d-457d-a08e-98ff796627ab\">https:\/\/geosas.fr\/geonetwork\/srv\/fre\/catalog.search#\/metadata\/61e08cd1-d24d-457d-a08e-98ff796627ab<\/a><\/li><li>Le code source de l\u2019interface web est disponible \u00e0 cette adresse :&nbsp;<a href=\"https:\/\/github.com\/geosas\/bosco\">https:\/\/github.com\/geosas\/bosco<\/a><\/li><\/ul>\n\n\n\n<h6 class=\"wp-block-heading\"><strong>Ressources documentaires :&nbsp;<\/strong><\/h6>\n\n\n\n<ul class=\"wp-block-list\"><li>Nicolas BAGHDADI, N\u00faria PANTALEONI, Hassan BAZZI, Lo\u00efc LOZAC\u2019H .Estimation de l\u2019humidit\u00e9 du sol et de l\u2019indice de v\u00e9g\u00e9tation NDVI sur les parcelles agricoles de Bretagne \u00e0 partir des donn\u00e9es satellitaires Copernicus. Rapport 11 pages.<\/li><\/ul>\n\n\n\n<div class=\"wp-block-file\"><object class=\"wp-block-file__embed\" data=\"https:\/\/geosas.fr\/metadata\/pdf\/Livrable_TED_Bosco_Mars2022_Bretagne_INRAE_Baghdadi.pdf\" type=\"application\/pdf\" style=\"width:100%;height:600px\" aria-label=\"Livrable_TED_Bosco_Mars2022_Bretagne_INRAE_Baghdadi\"><\/object><a href=\"https:\/\/geosas.fr\/metadata\/pdf\/Livrable_TED_Bosco_Mars2022_Bretagne_INRAE_Baghdadi.pdf\" class=\"wp-block-file__button\" download=\"\">T\u00e9l\u00e9charger le rapport<\/a><\/div>\n\n\n\n<p><\/p>\n\n\n\n<h6 class=\"wp-block-heading\"><strong>Calendrier<\/strong><\/h6>\n\n\n\n<ul class=\"wp-block-list\"><li><em><strong>Juin 2023<\/strong><\/em> : Mise en ligne de l&rsquo;<a href=\"https:\/\/geosas.fr\/web\/?page_id=6429\">API Bosco<\/a> pour la diffusion des donn\u00e9es de 2017 \u00e0 2022,<\/li><li><strong><em>Juin 2024<\/em><\/strong> : Mise en ligne du <a href=\"https:\/\/geosas.fr\/bosco\">portail cartographique Bosco v1.0<\/a>.<\/li><\/ul>\n\n\n\n<h6 class=\"wp-block-heading\" id=\"\u201dequipe\u201d\"><strong>Ressources humaines<\/strong><\/h6>\n\n\n\n<ul class=\"wp-block-list\"><li><a href=\"https:\/\/geosciences.univ-rennes.fr\/en\/interlocutors\/laurent-longuevergne\">Laurent Longueverne<\/a>, responsable scientifique du projet BOSCO, directeur de recherche, CNRS, G\u00e9oscience Rennes,<\/li><li>Tom Lor\u00e9e, D\u00e9veloppement des API, Ing\u00e9nieur contractuel, INRAE, UMR SAS Rennes-Quimper<\/li><li><a href=\"https:\/\/jdev.fr\/\">Soci\u00e8t\u00e9 jDev<\/a>, D\u00e9veloppement du portail cartographique,<\/li><li><a href=\"https:\/\/umrsas.rennes.hub.inrae.fr\/annuaire\/squividant-herve\" target=\"_blank\" rel=\"noreferrer noopener\">Herv\u00e9 Squividant<\/a>, encadrement et coordination des d\u00e9veloppements informatiques, Ing\u00e9nieur de Recherche, Institut Agro,  UMR SAS Rennes-Quimper.<\/li><\/ul>\n\n\n\n<h2 class=\"wp-block-heading\">Plus d&rsquo;informations<\/h2>\n\n\n\n<ul class=\"wp-block-list\"><li><a href=\"https:\/\/www.spaceclimateobservatory.org\/fr\/bosco\">Site du projet BOSCO<\/a><\/li><\/ul>\n\n\n\n<p><\/p>\n","protected":false},"excerpt":{"rendered":"<p>BOSCO est un service d\u2019estimation de teneur en eau sur le territoire breton \u00e0 tr\u00e8s haute r\u00e9solution spatiale et temporelle.&nbsp; Pr\u00e9sentation Objectifs Co-construction d&rsquo;un service &hellip; <\/p>\n","protected":false},"author":1,"featured_media":0,"parent":0,"menu_order":1,"comment_status":"closed","ping_status":"closed","template":"","meta":{"footnotes":""},"class_list":["post-6483","page","type-page","status-publish","hentry"],"yoast_head":"<!-- This site is optimized with the Yoast SEO plugin v24.7 - https:\/\/yoast.com\/wordpress\/plugins\/seo\/ -->\n<title>BOSCO - G\u00e9oSAS<\/title>\n<meta name=\"robots\" content=\"index, follow, max-snippet:-1, max-image-preview:large, max-video-preview:-1\" \/>\n<link rel=\"canonical\" href=\"https:\/\/geosas.fr\/web\/?page_id=6483\" \/>\n<meta property=\"og:locale\" content=\"fr_FR\" \/>\n<meta property=\"og:type\" content=\"article\" \/>\n<meta property=\"og:title\" content=\"BOSCO - G\u00e9oSAS\" \/>\n<meta property=\"og:description\" content=\"BOSCO est un service d\u2019estimation de teneur en eau sur le territoire breton \u00e0 tr\u00e8s haute r\u00e9solution spatiale et temporelle.&nbsp; Pr\u00e9sentation Objectifs Co-construction d&rsquo;un service &hellip;\" \/>\n<meta property=\"og:url\" content=\"https:\/\/geosas.fr\/web\/?page_id=6483\" \/>\n<meta property=\"og:site_name\" content=\"G\u00e9oSAS\" \/>\n<meta property=\"article:modified_time\" content=\"2024-12-02T19:29:28+00:00\" \/>\n<meta property=\"og:image\" content=\"https:\/\/geosas.fr\/web\/wp-content\/uploads\/2024\/11\/portail-bosco-chronologie-1024x812.png\" \/>\n<meta name=\"twitter:card\" content=\"summary_large_image\" \/>\n<meta name=\"twitter:label1\" content=\"Est. reading time\" \/>\n\t<meta name=\"twitter:data1\" content=\"2 minutes\" \/>\n<script type=\"application\/ld+json\" class=\"yoast-schema-graph\">{\"@context\":\"https:\/\/schema.org\",\"@graph\":[{\"@type\":\"WebPage\",\"@id\":\"https:\/\/geosas.fr\/web\/?page_id=6483\",\"url\":\"https:\/\/geosas.fr\/web\/?page_id=6483\",\"name\":\"BOSCO - G\u00e9oSAS\",\"isPartOf\":{\"@id\":\"https:\/\/geosas.fr\/web\/#website\"},\"primaryImageOfPage\":{\"@id\":\"https:\/\/geosas.fr\/web\/?page_id=6483#primaryimage\"},\"image\":{\"@id\":\"https:\/\/geosas.fr\/web\/?page_id=6483#primaryimage\"},\"thumbnailUrl\":\"https:\/\/geosas.fr\/web\/wp-content\/uploads\/2024\/11\/portail-bosco-chronologie-1024x812.png\",\"datePublished\":\"2024-11-29T16:30:39+00:00\",\"dateModified\":\"2024-12-02T19:29:28+00:00\",\"breadcrumb\":{\"@id\":\"https:\/\/geosas.fr\/web\/?page_id=6483#breadcrumb\"},\"inLanguage\":\"fr-FR\",\"potentialAction\":[{\"@type\":\"ReadAction\",\"target\":[\"https:\/\/geosas.fr\/web\/?page_id=6483\"]}]},{\"@type\":\"ImageObject\",\"inLanguage\":\"fr-FR\",\"@id\":\"https:\/\/geosas.fr\/web\/?page_id=6483#primaryimage\",\"url\":\"https:\/\/geosas.fr\/web\/wp-content\/uploads\/2024\/11\/portail-bosco-chronologie.png\",\"contentUrl\":\"https:\/\/geosas.fr\/web\/wp-content\/uploads\/2024\/11\/portail-bosco-chronologie.png\",\"width\":1490,\"height\":1181},{\"@type\":\"BreadcrumbList\",\"@id\":\"https:\/\/geosas.fr\/web\/?page_id=6483#breadcrumb\",\"itemListElement\":[{\"@type\":\"ListItem\",\"position\":1,\"name\":\"Home\",\"item\":\"https:\/\/geosas.fr\/web\/\"},{\"@type\":\"ListItem\",\"position\":2,\"name\":\"BOSCO\"}]},{\"@type\":\"WebSite\",\"@id\":\"https:\/\/geosas.fr\/web\/#website\",\"url\":\"https:\/\/geosas.fr\/web\/\",\"name\":\"G\u00e9oSAS\",\"description\":\"Portail de l&#039;information g\u00e9ographique et temporelle de l&#039;UMR SAS - INRAE - Institut Agro\",\"publisher\":{\"@id\":\"https:\/\/geosas.fr\/web\/#organization\"},\"potentialAction\":[{\"@type\":\"SearchAction\",\"target\":{\"@type\":\"EntryPoint\",\"urlTemplate\":\"https:\/\/geosas.fr\/web\/?s={search_term_string}\"},\"query-input\":{\"@type\":\"PropertyValueSpecification\",\"valueRequired\":true,\"valueName\":\"search_term_string\"}}],\"inLanguage\":\"fr-FR\"},{\"@type\":\"Organization\",\"@id\":\"https:\/\/geosas.fr\/web\/#organization\",\"name\":\"G\u00e9oSAS\",\"url\":\"https:\/\/geosas.fr\/web\/\",\"logo\":{\"@type\":\"ImageObject\",\"inLanguage\":\"fr-FR\",\"@id\":\"https:\/\/geosas.fr\/web\/#\/schema\/logo\/image\/\",\"url\":\"https:\/\/geosas.fr\/web\/wp-content\/uploads\/2021\/03\/cropped-Moyen-logo-BleuF-2.png\",\"contentUrl\":\"https:\/\/geosas.fr\/web\/wp-content\/uploads\/2021\/03\/cropped-Moyen-logo-BleuF-2.png\",\"width\":358,\"height\":90,\"caption\":\"G\u00e9oSAS\"},\"image\":{\"@id\":\"https:\/\/geosas.fr\/web\/#\/schema\/logo\/image\/\"}}]}<\/script>\n<!-- \/ Yoast SEO plugin. -->","yoast_head_json":{"title":"BOSCO - G\u00e9oSAS","robots":{"index":"index","follow":"follow","max-snippet":"max-snippet:-1","max-image-preview":"max-image-preview:large","max-video-preview":"max-video-preview:-1"},"canonical":"https:\/\/geosas.fr\/web\/?page_id=6483","og_locale":"fr_FR","og_type":"article","og_title":"BOSCO - G\u00e9oSAS","og_description":"BOSCO est un service d\u2019estimation de teneur en eau sur le territoire breton \u00e0 tr\u00e8s haute r\u00e9solution spatiale et temporelle.&nbsp; Pr\u00e9sentation Objectifs Co-construction d&rsquo;un service &hellip;","og_url":"https:\/\/geosas.fr\/web\/?page_id=6483","og_site_name":"G\u00e9oSAS","article_modified_time":"2024-12-02T19:29:28+00:00","og_image":[{"url":"https:\/\/geosas.fr\/web\/wp-content\/uploads\/2024\/11\/portail-bosco-chronologie-1024x812.png","type":"","width":"","height":""}],"twitter_card":"summary_large_image","twitter_misc":{"Est. reading time":"2 minutes"},"schema":{"@context":"https:\/\/schema.org","@graph":[{"@type":"WebPage","@id":"https:\/\/geosas.fr\/web\/?page_id=6483","url":"https:\/\/geosas.fr\/web\/?page_id=6483","name":"BOSCO - G\u00e9oSAS","isPartOf":{"@id":"https:\/\/geosas.fr\/web\/#website"},"primaryImageOfPage":{"@id":"https:\/\/geosas.fr\/web\/?page_id=6483#primaryimage"},"image":{"@id":"https:\/\/geosas.fr\/web\/?page_id=6483#primaryimage"},"thumbnailUrl":"https:\/\/geosas.fr\/web\/wp-content\/uploads\/2024\/11\/portail-bosco-chronologie-1024x812.png","datePublished":"2024-11-29T16:30:39+00:00","dateModified":"2024-12-02T19:29:28+00:00","breadcrumb":{"@id":"https:\/\/geosas.fr\/web\/?page_id=6483#breadcrumb"},"inLanguage":"fr-FR","potentialAction":[{"@type":"ReadAction","target":["https:\/\/geosas.fr\/web\/?page_id=6483"]}]},{"@type":"ImageObject","inLanguage":"fr-FR","@id":"https:\/\/geosas.fr\/web\/?page_id=6483#primaryimage","url":"https:\/\/geosas.fr\/web\/wp-content\/uploads\/2024\/11\/portail-bosco-chronologie.png","contentUrl":"https:\/\/geosas.fr\/web\/wp-content\/uploads\/2024\/11\/portail-bosco-chronologie.png","width":1490,"height":1181},{"@type":"BreadcrumbList","@id":"https:\/\/geosas.fr\/web\/?page_id=6483#breadcrumb","itemListElement":[{"@type":"ListItem","position":1,"name":"Home","item":"https:\/\/geosas.fr\/web\/"},{"@type":"ListItem","position":2,"name":"BOSCO"}]},{"@type":"WebSite","@id":"https:\/\/geosas.fr\/web\/#website","url":"https:\/\/geosas.fr\/web\/","name":"G\u00e9oSAS","description":"Portail de l&#039;information g\u00e9ographique et temporelle de l&#039;UMR SAS - INRAE - Institut Agro","publisher":{"@id":"https:\/\/geosas.fr\/web\/#organization"},"potentialAction":[{"@type":"SearchAction","target":{"@type":"EntryPoint","urlTemplate":"https:\/\/geosas.fr\/web\/?s={search_term_string}"},"query-input":{"@type":"PropertyValueSpecification","valueRequired":true,"valueName":"search_term_string"}}],"inLanguage":"fr-FR"},{"@type":"Organization","@id":"https:\/\/geosas.fr\/web\/#organization","name":"G\u00e9oSAS","url":"https:\/\/geosas.fr\/web\/","logo":{"@type":"ImageObject","inLanguage":"fr-FR","@id":"https:\/\/geosas.fr\/web\/#\/schema\/logo\/image\/","url":"https:\/\/geosas.fr\/web\/wp-content\/uploads\/2021\/03\/cropped-Moyen-logo-BleuF-2.png","contentUrl":"https:\/\/geosas.fr\/web\/wp-content\/uploads\/2021\/03\/cropped-Moyen-logo-BleuF-2.png","width":358,"height":90,"caption":"G\u00e9oSAS"},"image":{"@id":"https:\/\/geosas.fr\/web\/#\/schema\/logo\/image\/"}}]}},"_links":{"self":[{"href":"https:\/\/geosas.fr\/web\/index.php?rest_route=\/wp\/v2\/pages\/6483","targetHints":{"allow":["GET"]}}],"collection":[{"href":"https:\/\/geosas.fr\/web\/index.php?rest_route=\/wp\/v2\/pages"}],"about":[{"href":"https:\/\/geosas.fr\/web\/index.php?rest_route=\/wp\/v2\/types\/page"}],"author":[{"embeddable":true,"href":"https:\/\/geosas.fr\/web\/index.php?rest_route=\/wp\/v2\/users\/1"}],"replies":[{"embeddable":true,"href":"https:\/\/geosas.fr\/web\/index.php?rest_route=%2Fwp%2Fv2%2Fcomments&post=6483"}],"version-history":[{"count":14,"href":"https:\/\/geosas.fr\/web\/index.php?rest_route=\/wp\/v2\/pages\/6483\/revisions"}],"predecessor-version":[{"id":6506,"href":"https:\/\/geosas.fr\/web\/index.php?rest_route=\/wp\/v2\/pages\/6483\/revisions\/6506"}],"wp:attachment":[{"href":"https:\/\/geosas.fr\/web\/index.php?rest_route=%2Fwp%2Fv2%2Fmedia&parent=6483"}],"curies":[{"name":"wp","href":"https:\/\/api.w.org\/{rel}","templated":true}]}}